{"id":13749,"date":"2021-09-07T19:58:48","date_gmt":"2021-09-07T19:58:48","guid":{"rendered":"https:\/\/elabpl.wpengine.com\/product\/organic-vitamin-c-serum\/"},"modified":"2021-11-11T17:13:09","modified_gmt":"2021-11-11T17:13:09","slug":"serum-vitamine-c-biologique","status":"publish","type":"product","link":"https:\/\/europelab.ca\/fr\/produit\/serum-vitamine-c-biologique\/","title":{"rendered":"S\u00e9rum Vitamine C Biologique"},"content":{"rendered":"<p>Pour un usage quotidien le matin et\/ou le soir. Appliquer sur le visage et le d\u00e9collet\u00e9 parfaitement nettoy\u00e9s. Pour un usage externe seulement. \u00c9viter tout contact avec les yeux.<\/p>\n","protected":false},"excerpt":{"rendered":"<p>S\u00e9rum dor\u00e9 et l\u00e9ger sp\u00e9cialement adapt\u00e9 aux besoins anti-\u00e2ges de tous les types de peau, m\u00eame le plus sensibles. Son complexe de vitamine C stabilis\u00e9e stimulante et illuminatrice associ\u00e9 \u00e0 ses ingr\u00e9dients repulpants et assouplissants aide \u00e0 lisser les rides et \u00e0 att\u00e9nuer les taches pigmentaires pour un teint visiblement plus jeune et plus uniforme. Il aide notamment \u00e0 offrir une protection journali\u00e8re antioxydante de tout le visage contre les agressions ext\u00e9rieures. Enrichi en ingr\u00e9dients \u00e9mollients et hydratants, ce soin pr\u00e9serve toute l\u2019hydratation et toute la douceur de la peau. D\u00e8s la premi\u00e8re application, le visage est plus lumineux, les rides semblent estomp\u00e9es, le teint para\u00eet plus jeune et revitalis\u00e9.<\/p>\n","protected":false},"featured_media":14739,"comment_status":"closed","ping_status":"closed","template":"","meta":[],"product_brand":[],"product_cat":[138,116,134,139,133,140,123],"product_tag":[],"class_list":{"0":"post-13749","1":"product","2":"type-product","3":"status-publish","4":"has-post-thumbnail","6":"product_cat-anti-age-rides","7":"product_cat-collection-biologique","8":"product_cat-peau-deshydratee","9":"product_cat-peau-mature-lache","10":"product_cat-peau-seche","11":"product_cat-pigmentation-fr","12":"product_cat-serums-et-huiles","14":"first","15":"instock","16":"sold-individually","17":"taxable","18":"shipping-taxable","19":"product-type-simple"},"yoast_head":"<!-- This site is optimized with the Yoast SEO plugin v27.5 - https:\/\/yoast.com\/product\/yoast-seo-wordpress\/ -->\n<title>S\u00e9rum Vitamine C Biologique - Europelab<\/title>\n<meta name=\"description\" content=\"S\u00e9rum dor\u00e9 et l\u00e9ger sp\u00e9cialement adapt\u00e9 aux besoins anti-\u00e2ges de tous les types de peau, m\u00eame le plus sensibles. Son complexe de vitamine C stabilis\u00e9e stimulante et illuminatrice associ\u00e9 \u00e0 ses ingr\u00e9dients repulpants et assouplissants aide \u00e0 lisser les rides et \u00e0 att\u00e9nuer les taches pigmentaires pour un teint visiblement plus jeune et plus uniforme. Il aide notamment \u00e0 offrir une protection journali\u00e8re antioxydante de tout le visage contre les agressions ext\u00e9rieures. Enrichi en ingr\u00e9dients \u00e9mollients et hydratants, ce soin pr\u00e9serve toute l\u2019hydratation et toute la douceur de la peau. D\u00e8s la premi\u00e8re application, le visage est plus lumineux, les rides semblent estomp\u00e9es, le teint para\u00eet plus jeune et revitalis\u00e9.\" \/>\n<meta name=\"robots\" content=\"index, follow, max-snippet:-1, max-image-preview:large, max-video-preview:-1\" \/>\n<link rel=\"canonical\" href=\"https:\/\/europelab.ca\/fr\/produit\/serum-vitamine-c-biologique\/\" \/>\n<meta property=\"og:locale\" content=\"fr_FR\" \/>\n<meta property=\"og:type\" content=\"article\" \/>\n<meta property=\"og:title\" content=\"S\u00e9rum Vitamine C Biologique - Europelab\" \/>\n<meta property=\"og:description\" content=\"S\u00e9rum dor\u00e9 et l\u00e9ger sp\u00e9cialement adapt\u00e9 aux besoins anti-\u00e2ges de tous les types de peau, m\u00eame le plus sensibles. Son complexe de vitamine C stabilis\u00e9e stimulante et illuminatrice associ\u00e9 \u00e0 ses ingr\u00e9dients repulpants et assouplissants aide \u00e0 lisser les rides et \u00e0 att\u00e9nuer les taches pigmentaires pour un teint visiblement plus jeune et plus uniforme. Il aide notamment \u00e0 offrir une protection journali\u00e8re antioxydante de tout le visage contre les agressions ext\u00e9rieures. Enrichi en ingr\u00e9dients \u00e9mollients et hydratants, ce soin pr\u00e9serve toute l\u2019hydratation et toute la douceur de la peau. D\u00e8s la premi\u00e8re application, le visage est plus lumineux, les rides semblent estomp\u00e9es, le teint para\u00eet plus jeune et revitalis\u00e9.\" \/>\n<meta property=\"og:url\" content=\"https:\/\/europelab.ca\/fr\/produit\/serum-vitamine-c-biologique\/\" \/>\n<meta property=\"og:site_name\" content=\"Europelab\" \/>\n<meta property=\"article:modified_time\" content=\"2021-11-11T17:13:09+00:00\" \/>\n<meta property=\"og:image\" content=\"https:\/\/europelab.ca\/wp-content\/uploads\/2021\/09\/Organic-Vitamin-C-Serum.jpg\" \/>\n\t<meta property=\"og:image:width\" content=\"1200\" \/>\n\t<meta property=\"og:image:height\" content=\"1200\" \/>\n\t<meta property=\"og:image:type\" content=\"image\/jpeg\" \/>\n<meta name=\"twitter:card\" content=\"summary_large_image\" \/>\n<script type=\"application\/ld+json\" class=\"yoast-schema-graph\">{\"@context\":\"https:\\\/\\\/schema.org\",\"@graph\":[{\"@type\":\"WebPage\",\"@id\":\"https:\\\/\\\/europelab.ca\\\/fr\\\/produit\\\/serum-vitamine-c-biologique\\\/\",\"url\":\"https:\\\/\\\/europelab.ca\\\/fr\\\/produit\\\/serum-vitamine-c-biologique\\\/\",\"name\":\"S\u00e9rum Vitamine C Biologique - Europelab\",\"isPartOf\":{\"@id\":\"https:\\\/\\\/europelab.ca\\\/fr\\\/#website\"},\"primaryImageOfPage\":{\"@id\":\"https:\\\/\\\/europelab.ca\\\/fr\\\/produit\\\/serum-vitamine-c-biologique\\\/#primaryimage\"},\"image\":{\"@id\":\"https:\\\/\\\/europelab.ca\\\/fr\\\/produit\\\/serum-vitamine-c-biologique\\\/#primaryimage\"},\"thumbnailUrl\":\"https:\\\/\\\/europelab.ca\\\/wp-content\\\/uploads\\\/2023\\\/11\\\/ORGANIC-Vitamin-C-Serum.jpg\",\"datePublished\":\"2021-09-07T19:58:48+00:00\",\"dateModified\":\"2021-11-11T17:13:09+00:00\",\"description\":\"S\u00e9rum dor\u00e9 et l\u00e9ger sp\u00e9cialement adapt\u00e9 aux besoins anti-\u00e2ges de tous les types de peau, m\u00eame le plus sensibles. Son complexe de vitamine C stabilis\u00e9e stimulante et illuminatrice associ\u00e9 \u00e0 ses ingr\u00e9dients repulpants et assouplissants aide \u00e0 lisser les rides et \u00e0 att\u00e9nuer les taches pigmentaires pour un teint visiblement plus jeune et plus uniforme. Il aide notamment \u00e0 offrir une protection journali\u00e8re antioxydante de tout le visage contre les agressions ext\u00e9rieures. Enrichi en ingr\u00e9dients \u00e9mollients et hydratants, ce soin pr\u00e9serve toute l\u2019hydratation et toute la douceur de la peau. D\u00e8s la premi\u00e8re application, le visage est plus lumineux, les rides semblent estomp\u00e9es, le teint para\u00eet plus jeune et revitalis\u00e9.\",\"breadcrumb\":{\"@id\":\"https:\\\/\\\/europelab.ca\\\/fr\\\/produit\\\/serum-vitamine-c-biologique\\\/#breadcrumb\"},\"inLanguage\":\"fr-FR\",\"potentialAction\":[{\"@type\":\"ReadAction\",\"target\":[\"https:\\\/\\\/europelab.ca\\\/fr\\\/produit\\\/serum-vitamine-c-biologique\\\/\"]}]},{\"@type\":\"ImageObject\",\"inLanguage\":\"fr-FR\",\"@id\":\"https:\\\/\\\/europelab.ca\\\/fr\\\/produit\\\/serum-vitamine-c-biologique\\\/#primaryimage\",\"url\":\"https:\\\/\\\/europelab.ca\\\/wp-content\\\/uploads\\\/2023\\\/11\\\/ORGANIC-Vitamin-C-Serum.jpg\",\"contentUrl\":\"https:\\\/\\\/europelab.ca\\\/wp-content\\\/uploads\\\/2023\\\/11\\\/ORGANIC-Vitamin-C-Serum.jpg\",\"width\":1200,\"height\":1200,\"caption\":\"S\u00e9rum Vitamine C Biologique\"},{\"@type\":\"BreadcrumbList\",\"@id\":\"https:\\\/\\\/europelab.ca\\\/fr\\\/produit\\\/serum-vitamine-c-biologique\\\/#breadcrumb\",\"itemListElement\":[{\"@type\":\"ListItem\",\"position\":1,\"name\":\"Accueil\",\"item\":\"https:\\\/\\\/europelab.ca\\\/fr\\\/\"},{\"@type\":\"ListItem\",\"position\":2,\"name\":\"Produits\",\"item\":\"https:\\\/\\\/europelab.ca\\\/fr\\\/shop\\\/\"},{\"@type\":\"ListItem\",\"position\":3,\"name\":\"S\u00e9rum Vitamine C Biologique\"}]},{\"@type\":\"WebSite\",\"@id\":\"https:\\\/\\\/europelab.ca\\\/fr\\\/#website\",\"url\":\"https:\\\/\\\/europelab.ca\\\/fr\\\/\",\"name\":\"Europelab\",\"description\":\"Private Label, Made Simple.\",\"potentialAction\":[{\"@type\":\"SearchAction\",\"target\":{\"@type\":\"EntryPoint\",\"urlTemplate\":\"https:\\\/\\\/europelab.ca\\\/fr\\\/?s={search_term_string}\"},\"query-input\":{\"@type\":\"PropertyValueSpecification\",\"valueRequired\":true,\"valueName\":\"search_term_string\"}}],\"inLanguage\":\"fr-FR\"}]}<\/script>\n<!-- \/ Yoast SEO plugin. -->","yoast_head_json":{"title":"S\u00e9rum Vitamine C Biologique - Europelab","description":"S\u00e9rum dor\u00e9 et l\u00e9ger sp\u00e9cialement adapt\u00e9 aux besoins anti-\u00e2ges de tous les types de peau, m\u00eame le plus sensibles. Son complexe de vitamine C stabilis\u00e9e stimulante et illuminatrice associ\u00e9 \u00e0 ses ingr\u00e9dients repulpants et assouplissants aide \u00e0 lisser les rides et \u00e0 att\u00e9nuer les taches pigmentaires pour un teint visiblement plus jeune et plus uniforme. Il aide notamment \u00e0 offrir une protection journali\u00e8re antioxydante de tout le visage contre les agressions ext\u00e9rieures. Enrichi en ingr\u00e9dients \u00e9mollients et hydratants, ce soin pr\u00e9serve toute l\u2019hydratation et toute la douceur de la peau. D\u00e8s la premi\u00e8re application, le visage est plus lumineux, les rides semblent estomp\u00e9es, le teint para\u00eet plus jeune et revitalis\u00e9.","robots":{"index":"index","follow":"follow","max-snippet":"max-snippet:-1","max-image-preview":"max-image-preview:large","max-video-preview":"max-video-preview:-1"},"canonical":"https:\/\/europelab.ca\/fr\/produit\/serum-vitamine-c-biologique\/","og_locale":"fr_FR","og_type":"article","og_title":"S\u00e9rum Vitamine C Biologique - Europelab","og_description":"S\u00e9rum dor\u00e9 et l\u00e9ger sp\u00e9cialement adapt\u00e9 aux besoins anti-\u00e2ges de tous les types de peau, m\u00eame le plus sensibles. Son complexe de vitamine C stabilis\u00e9e stimulante et illuminatrice associ\u00e9 \u00e0 ses ingr\u00e9dients repulpants et assouplissants aide \u00e0 lisser les rides et \u00e0 att\u00e9nuer les taches pigmentaires pour un teint visiblement plus jeune et plus uniforme. Il aide notamment \u00e0 offrir une protection journali\u00e8re antioxydante de tout le visage contre les agressions ext\u00e9rieures. Enrichi en ingr\u00e9dients \u00e9mollients et hydratants, ce soin pr\u00e9serve toute l\u2019hydratation et toute la douceur de la peau. D\u00e8s la premi\u00e8re application, le visage est plus lumineux, les rides semblent estomp\u00e9es, le teint para\u00eet plus jeune et revitalis\u00e9.","og_url":"https:\/\/europelab.ca\/fr\/produit\/serum-vitamine-c-biologique\/","og_site_name":"Europelab","article_modified_time":"2021-11-11T17:13:09+00:00","og_image":[{"width":1200,"height":1200,"url":"https:\/\/europelab.ca\/wp-content\/uploads\/2021\/09\/Organic-Vitamin-C-Serum.jpg","type":"image\/jpeg"}],"twitter_card":"summary_large_image","schema":{"@context":"https:\/\/schema.org","@graph":[{"@type":"WebPage","@id":"https:\/\/europelab.ca\/fr\/produit\/serum-vitamine-c-biologique\/","url":"https:\/\/europelab.ca\/fr\/produit\/serum-vitamine-c-biologique\/","name":"S\u00e9rum Vitamine C Biologique - Europelab","isPartOf":{"@id":"https:\/\/europelab.ca\/fr\/#website"},"primaryImageOfPage":{"@id":"https:\/\/europelab.ca\/fr\/produit\/serum-vitamine-c-biologique\/#primaryimage"},"image":{"@id":"https:\/\/europelab.ca\/fr\/produit\/serum-vitamine-c-biologique\/#primaryimage"},"thumbnailUrl":"https:\/\/europelab.ca\/wp-content\/uploads\/2023\/11\/ORGANIC-Vitamin-C-Serum.jpg","datePublished":"2021-09-07T19:58:48+00:00","dateModified":"2021-11-11T17:13:09+00:00","description":"S\u00e9rum dor\u00e9 et l\u00e9ger sp\u00e9cialement adapt\u00e9 aux besoins anti-\u00e2ges de tous les types de peau, m\u00eame le plus sensibles. Son complexe de vitamine C stabilis\u00e9e stimulante et illuminatrice associ\u00e9 \u00e0 ses ingr\u00e9dients repulpants et assouplissants aide \u00e0 lisser les rides et \u00e0 att\u00e9nuer les taches pigmentaires pour un teint visiblement plus jeune et plus uniforme. Il aide notamment \u00e0 offrir une protection journali\u00e8re antioxydante de tout le visage contre les agressions ext\u00e9rieures. Enrichi en ingr\u00e9dients \u00e9mollients et hydratants, ce soin pr\u00e9serve toute l\u2019hydratation et toute la douceur de la peau. D\u00e8s la premi\u00e8re application, le visage est plus lumineux, les rides semblent estomp\u00e9es, le teint para\u00eet plus jeune et revitalis\u00e9.","breadcrumb":{"@id":"https:\/\/europelab.ca\/fr\/produit\/serum-vitamine-c-biologique\/#breadcrumb"},"inLanguage":"fr-FR","potentialAction":[{"@type":"ReadAction","target":["https:\/\/europelab.ca\/fr\/produit\/serum-vitamine-c-biologique\/"]}]},{"@type":"ImageObject","inLanguage":"fr-FR","@id":"https:\/\/europelab.ca\/fr\/produit\/serum-vitamine-c-biologique\/#primaryimage","url":"https:\/\/europelab.ca\/wp-content\/uploads\/2023\/11\/ORGANIC-Vitamin-C-Serum.jpg","contentUrl":"https:\/\/europelab.ca\/wp-content\/uploads\/2023\/11\/ORGANIC-Vitamin-C-Serum.jpg","width":1200,"height":1200,"caption":"S\u00e9rum Vitamine C Biologique"},{"@type":"BreadcrumbList","@id":"https:\/\/europelab.ca\/fr\/produit\/serum-vitamine-c-biologique\/#breadcrumb","itemListElement":[{"@type":"ListItem","position":1,"name":"Accueil","item":"https:\/\/europelab.ca\/fr\/"},{"@type":"ListItem","position":2,"name":"Produits","item":"https:\/\/europelab.ca\/fr\/shop\/"},{"@type":"ListItem","position":3,"name":"S\u00e9rum Vitamine C Biologique"}]},{"@type":"WebSite","@id":"https:\/\/europelab.ca\/fr\/#website","url":"https:\/\/europelab.ca\/fr\/","name":"Europelab","description":"Private Label, Made Simple.","potentialAction":[{"@type":"SearchAction","target":{"@type":"EntryPoint","urlTemplate":"https:\/\/europelab.ca\/fr\/?s={search_term_string}"},"query-input":{"@type":"PropertyValueSpecification","valueRequired":true,"valueName":"search_term_string"}}],"inLanguage":"fr-FR"}]}},"_links":{"self":[{"href":"https:\/\/europelab.ca\/fr\/wp-json\/wp\/v2\/product\/13749","targetHints":{"allow":["GET"]}}],"collection":[{"href":"https:\/\/europelab.ca\/fr\/wp-json\/wp\/v2\/product"}],"about":[{"href":"https:\/\/europelab.ca\/fr\/wp-json\/wp\/v2\/types\/product"}],"replies":[{"embeddable":true,"href":"https:\/\/europelab.ca\/fr\/wp-json\/wp\/v2\/comments?post=13749"}],"wp:featuredmedia":[{"embeddable":true,"href":"https:\/\/europelab.ca\/fr\/wp-json\/wp\/v2\/media\/14739"}],"wp:attachment":[{"href":"https:\/\/europelab.ca\/fr\/wp-json\/wp\/v2\/media?parent=13749"}],"wp:term":[{"taxonomy":"product_brand","embeddable":true,"href":"https:\/\/europelab.ca\/fr\/wp-json\/wp\/v2\/product_brand?post=13749"},{"taxonomy":"product_cat","embeddable":true,"href":"https:\/\/europelab.ca\/fr\/wp-json\/wp\/v2\/product_cat?post=13749"},{"taxonomy":"product_tag","embeddable":true,"href":"https:\/\/europelab.ca\/fr\/wp-json\/wp\/v2\/product_tag?post=13749"}],"curies":[{"name":"wp","href":"https:\/\/api.w.org\/{rel}","templated":true}]}}