{"id":13715,"date":"2021-09-07T20:08:41","date_gmt":"2021-09-07T20:08:41","guid":{"rendered":"https:\/\/elabpl.wpengine.com\/product\/ultralift-cream\/"},"modified":"2021-11-16T14:08:57","modified_gmt":"2021-11-16T14:08:57","slug":"creme-ultralift","status":"publish","type":"product","link":"https:\/\/europelab.ca\/fr\/produit\/creme-ultralift\/","title":{"rendered":"Cr\u00e8me Ultralift"},"content":{"rendered":"<p>Appliquer uniform\u00e9ment le matin et\/ou le soir sur le visage et le cou parfaitement nettoy\u00e9s. Masser jusqu\u2019\u00e0 p\u00e9n\u00e9tration compl\u00e8te du produit. \u00c9viter tout contact avec les yeux. Pour un usage externe seulement.<\/p>\n","protected":false},"excerpt":{"rendered":"<p>La Cr\u00e8me Ultralift est une cr\u00e8me r\u00e9g\u00e9n\u00e9ratrice, adapt\u00e9 \u00e0 tous les types de peaux en particulier les peaux matures manquant de fermet\u00e9, pr\u00e9sentant des signes de vieillissement. Id\u00e9al pour les teints ternes et fatigu\u00e9s. Le visage appara\u00eetra visiblement plus lisse et plus ferme. Le teint appara\u00eet unifi\u00e9 et rayonne de jeunesse.<\/p>\n","protected":false},"featured_media":14660,"comment_status":"closed","ping_status":"closed","template":"","meta":[],"product_brand":[],"product_cat":[117,124,139],"product_tag":[],"class_list":{"0":"post-13715","1":"product","2":"type-product","3":"status-publish","4":"has-post-thumbnail","6":"product_cat-collection-classique","7":"product_cat-cremes","8":"product_cat-peau-mature-lache","10":"first","11":"instock","12":"sold-individually","13":"taxable","14":"shipping-taxable","15":"product-type-simple"},"yoast_head":"<!-- This site is optimized with the Yoast SEO plugin v27.5 - https:\/\/yoast.com\/product\/yoast-seo-wordpress\/ -->\n<title>Cr\u00e8me Ultralift - Europelab<\/title>\n<meta name=\"description\" content=\"La Cr\u00e8me Ultralift est une cr\u00e8me r\u00e9g\u00e9n\u00e9ratrice, adapt\u00e9 \u00e0 tous les types de peaux en particulier les peaux matures manquant de fermet\u00e9, pr\u00e9sentant des signes de vieillissement. Id\u00e9al pour les teints ternes et fatigu\u00e9s. Le visage appara\u00eetra visiblement plus lisse et plus ferme. Le teint appara\u00eet unifi\u00e9 et rayonne de jeunesse.\" \/>\n<meta name=\"robots\" content=\"index, follow, max-snippet:-1, max-image-preview:large, max-video-preview:-1\" \/>\n<link rel=\"canonical\" href=\"https:\/\/europelab.ca\/fr\/produit\/creme-ultralift\/\" \/>\n<meta property=\"og:locale\" content=\"fr_FR\" \/>\n<meta property=\"og:type\" content=\"article\" \/>\n<meta property=\"og:title\" content=\"Cr\u00e8me Ultralift - Europelab\" \/>\n<meta property=\"og:description\" content=\"La Cr\u00e8me Ultralift est une cr\u00e8me r\u00e9g\u00e9n\u00e9ratrice, adapt\u00e9 \u00e0 tous les types de peaux en particulier les peaux matures manquant de fermet\u00e9, pr\u00e9sentant des signes de vieillissement. Id\u00e9al pour les teints ternes et fatigu\u00e9s. Le visage appara\u00eetra visiblement plus lisse et plus ferme. Le teint appara\u00eet unifi\u00e9 et rayonne de jeunesse.\" \/>\n<meta property=\"og:url\" content=\"https:\/\/europelab.ca\/fr\/produit\/creme-ultralift\/\" \/>\n<meta property=\"og:site_name\" content=\"Europelab\" \/>\n<meta property=\"article:modified_time\" content=\"2021-11-16T14:08:57+00:00\" \/>\n<meta property=\"og:image\" content=\"https:\/\/europelab.ca\/wp-content\/uploads\/2021\/09\/Ultralift-Cream.jpg\" \/>\n\t<meta property=\"og:image:width\" content=\"1200\" \/>\n\t<meta property=\"og:image:height\" content=\"1200\" \/>\n\t<meta property=\"og:image:type\" content=\"image\/jpeg\" \/>\n<meta name=\"twitter:card\" content=\"summary_large_image\" \/>\n<script type=\"application\/ld+json\" class=\"yoast-schema-graph\">{\"@context\":\"https:\\\/\\\/schema.org\",\"@graph\":[{\"@type\":\"WebPage\",\"@id\":\"https:\\\/\\\/europelab.ca\\\/fr\\\/produit\\\/creme-ultralift\\\/\",\"url\":\"https:\\\/\\\/europelab.ca\\\/fr\\\/produit\\\/creme-ultralift\\\/\",\"name\":\"Cr\u00e8me Ultralift - Europelab\",\"isPartOf\":{\"@id\":\"https:\\\/\\\/europelab.ca\\\/fr\\\/#website\"},\"primaryImageOfPage\":{\"@id\":\"https:\\\/\\\/europelab.ca\\\/fr\\\/produit\\\/creme-ultralift\\\/#primaryimage\"},\"image\":{\"@id\":\"https:\\\/\\\/europelab.ca\\\/fr\\\/produit\\\/creme-ultralift\\\/#primaryimage\"},\"thumbnailUrl\":\"https:\\\/\\\/europelab.ca\\\/wp-content\\\/uploads\\\/2023\\\/11\\\/Ultralift-Cream.jpg\",\"datePublished\":\"2021-09-07T20:08:41+00:00\",\"dateModified\":\"2021-11-16T14:08:57+00:00\",\"description\":\"La Cr\u00e8me Ultralift est une cr\u00e8me r\u00e9g\u00e9n\u00e9ratrice, adapt\u00e9 \u00e0 tous les types de peaux en particulier les peaux matures manquant de fermet\u00e9, pr\u00e9sentant des signes de vieillissement. Id\u00e9al pour les teints ternes et fatigu\u00e9s. Le visage appara\u00eetra visiblement plus lisse et plus ferme. Le teint appara\u00eet unifi\u00e9 et rayonne de jeunesse.\",\"breadcrumb\":{\"@id\":\"https:\\\/\\\/europelab.ca\\\/fr\\\/produit\\\/creme-ultralift\\\/#breadcrumb\"},\"inLanguage\":\"fr-FR\",\"potentialAction\":[{\"@type\":\"ReadAction\",\"target\":[\"https:\\\/\\\/europelab.ca\\\/fr\\\/produit\\\/creme-ultralift\\\/\"]}]},{\"@type\":\"ImageObject\",\"inLanguage\":\"fr-FR\",\"@id\":\"https:\\\/\\\/europelab.ca\\\/fr\\\/produit\\\/creme-ultralift\\\/#primaryimage\",\"url\":\"https:\\\/\\\/europelab.ca\\\/wp-content\\\/uploads\\\/2023\\\/11\\\/Ultralift-Cream.jpg\",\"contentUrl\":\"https:\\\/\\\/europelab.ca\\\/wp-content\\\/uploads\\\/2023\\\/11\\\/Ultralift-Cream.jpg\",\"width\":1200,\"height\":1200,\"caption\":\"Cr\u00e8me Ultralift\"},{\"@type\":\"BreadcrumbList\",\"@id\":\"https:\\\/\\\/europelab.ca\\\/fr\\\/produit\\\/creme-ultralift\\\/#breadcrumb\",\"itemListElement\":[{\"@type\":\"ListItem\",\"position\":1,\"name\":\"Accueil\",\"item\":\"https:\\\/\\\/europelab.ca\\\/fr\\\/\"},{\"@type\":\"ListItem\",\"position\":2,\"name\":\"Produits\",\"item\":\"https:\\\/\\\/europelab.ca\\\/fr\\\/shop\\\/\"},{\"@type\":\"ListItem\",\"position\":3,\"name\":\"Cr\u00e8me Ultralift\"}]},{\"@type\":\"WebSite\",\"@id\":\"https:\\\/\\\/europelab.ca\\\/fr\\\/#website\",\"url\":\"https:\\\/\\\/europelab.ca\\\/fr\\\/\",\"name\":\"Europelab\",\"description\":\"Private Label, Made Simple.\",\"potentialAction\":[{\"@type\":\"SearchAction\",\"target\":{\"@type\":\"EntryPoint\",\"urlTemplate\":\"https:\\\/\\\/europelab.ca\\\/fr\\\/?s={search_term_string}\"},\"query-input\":{\"@type\":\"PropertyValueSpecification\",\"valueRequired\":true,\"valueName\":\"search_term_string\"}}],\"inLanguage\":\"fr-FR\"}]}<\/script>\n<!-- \/ Yoast SEO plugin. -->","yoast_head_json":{"title":"Cr\u00e8me Ultralift - Europelab","description":"La Cr\u00e8me Ultralift est une cr\u00e8me r\u00e9g\u00e9n\u00e9ratrice, adapt\u00e9 \u00e0 tous les types de peaux en particulier les peaux matures manquant de fermet\u00e9, pr\u00e9sentant des signes de vieillissement. Id\u00e9al pour les teints ternes et fatigu\u00e9s. Le visage appara\u00eetra visiblement plus lisse et plus ferme. Le teint appara\u00eet unifi\u00e9 et rayonne de jeunesse.","robots":{"index":"index","follow":"follow","max-snippet":"max-snippet:-1","max-image-preview":"max-image-preview:large","max-video-preview":"max-video-preview:-1"},"canonical":"https:\/\/europelab.ca\/fr\/produit\/creme-ultralift\/","og_locale":"fr_FR","og_type":"article","og_title":"Cr\u00e8me Ultralift - Europelab","og_description":"La Cr\u00e8me Ultralift est une cr\u00e8me r\u00e9g\u00e9n\u00e9ratrice, adapt\u00e9 \u00e0 tous les types de peaux en particulier les peaux matures manquant de fermet\u00e9, pr\u00e9sentant des signes de vieillissement. Id\u00e9al pour les teints ternes et fatigu\u00e9s. Le visage appara\u00eetra visiblement plus lisse et plus ferme. Le teint appara\u00eet unifi\u00e9 et rayonne de jeunesse.","og_url":"https:\/\/europelab.ca\/fr\/produit\/creme-ultralift\/","og_site_name":"Europelab","article_modified_time":"2021-11-16T14:08:57+00:00","og_image":[{"width":1200,"height":1200,"url":"https:\/\/europelab.ca\/wp-content\/uploads\/2021\/09\/Ultralift-Cream.jpg","type":"image\/jpeg"}],"twitter_card":"summary_large_image","schema":{"@context":"https:\/\/schema.org","@graph":[{"@type":"WebPage","@id":"https:\/\/europelab.ca\/fr\/produit\/creme-ultralift\/","url":"https:\/\/europelab.ca\/fr\/produit\/creme-ultralift\/","name":"Cr\u00e8me Ultralift - Europelab","isPartOf":{"@id":"https:\/\/europelab.ca\/fr\/#website"},"primaryImageOfPage":{"@id":"https:\/\/europelab.ca\/fr\/produit\/creme-ultralift\/#primaryimage"},"image":{"@id":"https:\/\/europelab.ca\/fr\/produit\/creme-ultralift\/#primaryimage"},"thumbnailUrl":"https:\/\/europelab.ca\/wp-content\/uploads\/2023\/11\/Ultralift-Cream.jpg","datePublished":"2021-09-07T20:08:41+00:00","dateModified":"2021-11-16T14:08:57+00:00","description":"La Cr\u00e8me Ultralift est une cr\u00e8me r\u00e9g\u00e9n\u00e9ratrice, adapt\u00e9 \u00e0 tous les types de peaux en particulier les peaux matures manquant de fermet\u00e9, pr\u00e9sentant des signes de vieillissement. Id\u00e9al pour les teints ternes et fatigu\u00e9s. Le visage appara\u00eetra visiblement plus lisse et plus ferme. Le teint appara\u00eet unifi\u00e9 et rayonne de jeunesse.","breadcrumb":{"@id":"https:\/\/europelab.ca\/fr\/produit\/creme-ultralift\/#breadcrumb"},"inLanguage":"fr-FR","potentialAction":[{"@type":"ReadAction","target":["https:\/\/europelab.ca\/fr\/produit\/creme-ultralift\/"]}]},{"@type":"ImageObject","inLanguage":"fr-FR","@id":"https:\/\/europelab.ca\/fr\/produit\/creme-ultralift\/#primaryimage","url":"https:\/\/europelab.ca\/wp-content\/uploads\/2023\/11\/Ultralift-Cream.jpg","contentUrl":"https:\/\/europelab.ca\/wp-content\/uploads\/2023\/11\/Ultralift-Cream.jpg","width":1200,"height":1200,"caption":"Cr\u00e8me Ultralift"},{"@type":"BreadcrumbList","@id":"https:\/\/europelab.ca\/fr\/produit\/creme-ultralift\/#breadcrumb","itemListElement":[{"@type":"ListItem","position":1,"name":"Accueil","item":"https:\/\/europelab.ca\/fr\/"},{"@type":"ListItem","position":2,"name":"Produits","item":"https:\/\/europelab.ca\/fr\/shop\/"},{"@type":"ListItem","position":3,"name":"Cr\u00e8me Ultralift"}]},{"@type":"WebSite","@id":"https:\/\/europelab.ca\/fr\/#website","url":"https:\/\/europelab.ca\/fr\/","name":"Europelab","description":"Private Label, Made Simple.","potentialAction":[{"@type":"SearchAction","target":{"@type":"EntryPoint","urlTemplate":"https:\/\/europelab.ca\/fr\/?s={search_term_string}"},"query-input":{"@type":"PropertyValueSpecification","valueRequired":true,"valueName":"search_term_string"}}],"inLanguage":"fr-FR"}]}},"_links":{"self":[{"href":"https:\/\/europelab.ca\/fr\/wp-json\/wp\/v2\/product\/13715","targetHints":{"allow":["GET"]}}],"collection":[{"href":"https:\/\/europelab.ca\/fr\/wp-json\/wp\/v2\/product"}],"about":[{"href":"https:\/\/europelab.ca\/fr\/wp-json\/wp\/v2\/types\/product"}],"replies":[{"embeddable":true,"href":"https:\/\/europelab.ca\/fr\/wp-json\/wp\/v2\/comments?post=13715"}],"wp:featuredmedia":[{"embeddable":true,"href":"https:\/\/europelab.ca\/fr\/wp-json\/wp\/v2\/media\/14660"}],"wp:attachment":[{"href":"https:\/\/europelab.ca\/fr\/wp-json\/wp\/v2\/media?parent=13715"}],"wp:term":[{"taxonomy":"product_brand","embeddable":true,"href":"https:\/\/europelab.ca\/fr\/wp-json\/wp\/v2\/product_brand?post=13715"},{"taxonomy":"product_cat","embeddable":true,"href":"https:\/\/europelab.ca\/fr\/wp-json\/wp\/v2\/product_cat?post=13715"},{"taxonomy":"product_tag","embeddable":true,"href":"https:\/\/europelab.ca\/fr\/wp-json\/wp\/v2\/product_tag?post=13715"}],"curies":[{"name":"wp","href":"https:\/\/api.w.org\/{rel}","templated":true}]}}